{"id":168,"date":"2024-04-22T01:11:18","date_gmt":"2024-04-21T23:11:18","guid":{"rendered":"https:\/\/lesitedutrombone.fr\/trombonefamily\/?page_id=168"},"modified":"2024-05-03T14:42:06","modified_gmt":"2024-05-03T12:42:06","slug":"conte-musical-larmoire-magique","status":"publish","type":"page","link":"https:\/\/lesitedutrombone.fr\/trombonefamily\/conte-musical-larmoire-magique\/","title":{"rendered":"Conte musical \u00ab\u00a0l&rsquo;Armoire magique\u00a0\u00bb"},"content":{"rendered":"\n<h5 class=\"wp-block-heading\">LUNDI 20 mai 2024 14h-15h15, auditorium<\/h5>\n\n\n\n<figure class=\"wp-block-image size-large\"><img loading=\"lazy\" decoding=\"async\" width=\"1024\" height=\"277\" src=\"http:\/\/lesitedutrombone.fr\/trombonefamily\/wp-content\/uploads\/2023\/10\/banniere-1-1024x277.jpg\" alt=\"\" class=\"wp-image-49\" srcset=\"https:\/\/lesitedutrombone.fr\/trombonefamily\/wp-content\/uploads\/2023\/10\/banniere-1-1024x277.jpg 1024w, https:\/\/lesitedutrombone.fr\/trombonefamily\/wp-content\/uploads\/2023\/10\/banniere-1-300x81.jpg 300w, https:\/\/lesitedutrombone.fr\/trombonefamily\/wp-content\/uploads\/2023\/10\/banniere-1-768x208.jpg 768w, https:\/\/lesitedutrombone.fr\/trombonefamily\/wp-content\/uploads\/2023\/10\/banniere-1-1536x416.jpg 1536w, https:\/\/lesitedutrombone.fr\/trombonefamily\/wp-content\/uploads\/2023\/10\/banniere-1-2048x555.jpg 2048w\" sizes=\"auto, (max-width: 1024px) 100vw, 1024px\" \/><\/figure>\n\n\n\n<hr class=\"wp-block-separator has-alpha-channel-opacity\"\/>\n\n\n\n<h5 class=\"wp-block-heading\">Programme<\/h5>\n\n\n\n<p>\u00ab\u00a0L\u2019armoire magique\u00a0\u00bb est un conte musical tout public.<br>Avec plus de 60 trombones sur sc\u00e8nes venant des \u00e9coles de musiques et harmonies de la r\u00e9gion, c&rsquo;est une premi\u00e8re mondiale cr\u00e9\u00e9e par l&rsquo;Association des trombonistes du Bas-Rhin.<\/p>\n\n\n\n<hr class=\"wp-block-separator has-alpha-channel-opacity\"\/>\n\n\n\n<h5 class=\"wp-block-heading\">Artistes<\/h5>\n\n\n\n<figure class=\"wp-block-image size-full\"><img loading=\"lazy\" decoding=\"async\" width=\"500\" height=\"500\" src=\"http:\/\/lesitedutrombone.fr\/trombonefamily\/wp-content\/uploads\/2024\/04\/1566901165861.jpg\" alt=\"\" class=\"wp-image-191\" srcset=\"https:\/\/lesitedutrombone.fr\/trombonefamily\/wp-content\/uploads\/2024\/04\/1566901165861.jpg 500w, https:\/\/lesitedutrombone.fr\/trombonefamily\/wp-content\/uploads\/2024\/04\/1566901165861-300x300.jpg 300w, https:\/\/lesitedutrombone.fr\/trombonefamily\/wp-content\/uploads\/2024\/04\/1566901165861-150x150.jpg 150w\" sizes=\"auto, (max-width: 500px) 100vw, 500px\" \/><\/figure>\n\n\n\n<p><strong>Remi Studer<\/strong>, compositeur<br>Musicien aux multiples facettes, R\u00e9mi Studer s&rsquo;est d&rsquo;abord form\u00e9 en autodidacte puis au Conservatoire de Strasbourg. Compositeur, multi-instrumentiste, chanteur et chef d&rsquo;orchestre, il aime laisser ses diff\u00e9rentes activit\u00e9s musicales se nourrir mutuellement dans le cadre d&rsquo;une recherche portant sur les relations entre le son, le geste et le sens.<br>Sensible \u00e0 l&rsquo;aspect visuel du rituel de concert, il \u00e9crit plusieurs pi\u00e8ces qui ont pour principal argument l&rsquo;investissement du corps de l&rsquo;interpr\u00e8te par la contrainte de l&rsquo;\u00e9criture du geste instrumental (<em>\u00c9tudes de Corps et Graphie<\/em>&nbsp;pour pianiste,&nbsp;<em>Du bout de la Pens\u00e9e<\/em>&nbsp;pour Baryton et Orgue,&nbsp;<em>trois Vocalises<\/em>&nbsp;pour Contrebasse solo,&nbsp;<em>La meilleure fa\u00e7on de Parler<\/em>&nbsp;d&rsquo;apr\u00e8s Moli\u00e8re pour Mezzo-Soprano et Basson, etc.) Afin de chercher \u00e0 investir diff\u00e9remment les lieux de concert, il d\u00e9veloppe le concept d&rsquo;\u00ab Ambulation d\u00e9concertante \u00bb, principe d&rsquo;\u00e9criture musicale qui permet \u00e0 un grand nombre de musiciens de jouer ensemble dispers\u00e9s dans l&rsquo;espace, sans pulsation commune. Cette forme de polyphonie d\u00e9synchronis\u00e9e a d\u00e9j\u00e0 investi plusieurs espaces publics et lieux de concert dans le cadre de divers festivals et rencontres (Europhonies de Strasbourg, festival du Trombone, festival du Saxophone, etc.)<br>Par ailleurs chef d&rsquo;orchestre, il est l&rsquo;invit\u00e9 de diverses phalanges symphoniques en France et \u00e0 l&rsquo;\u00e9tranger (Orchestre Philharmonique de Strasbourg, Orchestre de Chambre du Luxembourg, Orchestre de Chambre de la Radio Roumaine, Orchestre Philharmonique de Timisoara, Akademisches Orchester de Fribourg-en-Brisgau, Collegium Musicum de Stuttgart, Orchestre Symphonique de Prague 8, Toscan Chamber Orchestra, etc.).<br>Soucieux de proposer un acc\u00e8s au r\u00e9pertoire symphonique au jeune public, il \u00e9crit r\u00e9guli\u00e8rement des contes musicaux pour l&rsquo;Orchestre Philharmonique de Strasbourg, contes dont il a la charge de diriger la cr\u00e9ation (<em>Les Animaux magiques<\/em>&nbsp;en 2015 et&nbsp;<em>L\u00e9on et la fausse Note<\/em>&nbsp;en 2016)<br>En plus du r\u00e9pertoire symphonique classique, il affectionne particuli\u00e8rement les formes m\u00ealant l&rsquo;orchestre et la voix. On a ainsi pu le voir diriger un bon nombre d&rsquo;oratorios (<em>Messie<\/em>&nbsp;de Handel,&nbsp;<em>Enfance du Christ<\/em>&nbsp;de Berlioz,&nbsp;<em>Requiems<\/em>&nbsp;de Brahms, Mozart, Faur\u00e9 et Verdi, etc.) et des Lieder accompagn\u00e9s (<em>Lieder eines fahrenden Gesellen<\/em>&nbsp;et&nbsp;<em>Das Lied von der Erde<\/em>&nbsp;de Mahler). De plus en plus, son approche de la direction l&rsquo;am\u00e8ne au r\u00e9pertoire lyrique. Il a \u00e9t\u00e9 l&rsquo;assistant de Vincent Monteil sur&nbsp;<em>Carmen<\/em>&nbsp;\u00e0 Montepulcianno et a orchestr\u00e9 et dirig\u00e9 une version de chambre de&nbsp;<em>Cos\u00ec fan tutte<\/em>&nbsp;de Mozart. Par ailleurs, il collabore r\u00e9guli\u00e8rement \u00e0 des productions lyrique en France et \u00e0 l&rsquo;\u00e9tranger (<em>Macbetto<\/em>&nbsp;de Verdi,&nbsp;<em>Jenufa<\/em>&nbsp;de Janacek,&nbsp;<em>Il Barbiere di Siviglia<\/em>&nbsp;de Rossini,&nbsp;<em>La Boheme<\/em>&nbsp;de Puccini,&nbsp;<em>Das Rheingold<\/em>&nbsp;de Wagner, etc.)<br>Laur\u00e9at, en temps que compositeur, de plusieurs concours internationaux, R\u00e9mi Studer est un artiste polyvalent qui met r\u00e9guli\u00e8rement sa cr\u00e9ativit\u00e9 au service de projets ambitieux et originaux comme par exemple&nbsp;<em>Ut queant laxis<\/em>,&nbsp;<em>ambulation d\u00e9concertante<\/em>, concert d&rsquo;une dur\u00e9e de dix heures qu&rsquo;il imagine, co-\u00e9crit et dirige dans le cadre du festival \u00ab Nuit de Lumi\u00e8re \u00bb<\/p>\n\n\n\n<figure class=\"wp-block-image size-full\"><img loading=\"lazy\" decoding=\"async\" width=\"1280\" height=\"640\" src=\"http:\/\/lesitedutrombone.fr\/trombonefamily\/wp-content\/uploads\/2024\/04\/conductor-8005749_1280.webp\" alt=\"\" class=\"wp-image-188\"\/><\/figure>\n\n\n\n<p><strong>Patrick Osowiecki<\/strong>, compositeur<\/p>\n\n\n\n<figure class=\"wp-block-image size-large\"><img loading=\"lazy\" decoding=\"async\" width=\"1024\" height=\"882\" src=\"https:\/\/lesitedutrombone.fr\/trombonefamily\/wp-content\/uploads\/2024\/04\/le-jeune-chef-d-orchestre-yves-scheppler-au-pupitre-photo-dna-le-jeune-chef-d-orchestre-yves-scheppler-au-pupitre-photo-dna-photo-dna-1558814474-1024x882.jpg\" alt=\"\" class=\"wp-image-192\" srcset=\"https:\/\/lesitedutrombone.fr\/trombonefamily\/wp-content\/uploads\/2024\/04\/le-jeune-chef-d-orchestre-yves-scheppler-au-pupitre-photo-dna-le-jeune-chef-d-orchestre-yves-scheppler-au-pupitre-photo-dna-photo-dna-1558814474-1024x882.jpg 1024w, https:\/\/lesitedutrombone.fr\/trombonefamily\/wp-content\/uploads\/2024\/04\/le-jeune-chef-d-orchestre-yves-scheppler-au-pupitre-photo-dna-le-jeune-chef-d-orchestre-yves-scheppler-au-pupitre-photo-dna-photo-dna-1558814474-300x259.jpg 300w, https:\/\/lesitedutrombone.fr\/trombonefamily\/wp-content\/uploads\/2024\/04\/le-jeune-chef-d-orchestre-yves-scheppler-au-pupitre-photo-dna-le-jeune-chef-d-orchestre-yves-scheppler-au-pupitre-photo-dna-photo-dna-1558814474-768x662.jpg 768w, https:\/\/lesitedutrombone.fr\/trombonefamily\/wp-content\/uploads\/2024\/04\/le-jeune-chef-d-orchestre-yves-scheppler-au-pupitre-photo-dna-le-jeune-chef-d-orchestre-yves-scheppler-au-pupitre-photo-dna-photo-dna-1558814474.jpg 1150w\" sizes=\"auto, (max-width: 1024px) 100vw, 1024px\" \/><\/figure>\n\n\n\n<p><strong>Yves Scheppler<\/strong>, direction<br>Dipl\u00f4m\u00e9 des conservatoires de Strasbourg et Dijon, il est enseignant puis directeur de l&rsquo;\u00e9cole de musique de Sarrebourg et dirige \u00e9galement son harmonie.<\/p>\n\n\n\n<figure class=\"wp-block-image size-full\"><img loading=\"lazy\" decoding=\"async\" width=\"200\" height=\"200\" src=\"https:\/\/lesitedutrombone.fr\/trombonefamily\/wp-content\/uploads\/2024\/04\/medium_photo_chambre_a_airs.jpg\" alt=\"\" class=\"wp-image-193\" srcset=\"https:\/\/lesitedutrombone.fr\/trombonefamily\/wp-content\/uploads\/2024\/04\/medium_photo_chambre_a_airs.jpg 200w, https:\/\/lesitedutrombone.fr\/trombonefamily\/wp-content\/uploads\/2024\/04\/medium_photo_chambre_a_airs-150x150.jpg 150w\" sizes=\"auto, (max-width: 200px) 100vw, 200px\" \/><\/figure>\n\n\n\n<p><strong>Alexandre Sigrist<\/strong>, chant et textes<br>\u00ab\u00a0Mon profil refl\u00e8te la curiosit\u00e9 qui m&rsquo;a permis d&rsquo;avancer et d&rsquo;apprendre chaque jour de nouvelles choses.<br>Apr\u00e8s un baccalaur\u00e9at scientifique, une option en cin\u00e9ma, un master de recherches en musicologie, 10 ann\u00e9es d&rsquo;enseignement et des centaines de repr\u00e9sentations de th\u00e9\u00e2tre, j&rsquo;utilise mon corps, ma voix, mes exp\u00e9riences combin\u00e9es pour en faire profiter un large public sur sc\u00e8ne, \u00e0 l&rsquo;\u00e9cran ou en formation.\u00a0\u00bb<\/p>\n\n\n\n<p><\/p>\n\n\n\n<figure class=\"wp-block-image size-large\"><img loading=\"lazy\" decoding=\"async\" width=\"1024\" height=\"579\" src=\"https:\/\/lesitedutrombone.fr\/trombonefamily\/wp-content\/uploads\/2024\/04\/10431159_662882967119827_8508385706223333034_o-1024x579.jpg\" alt=\"\" class=\"wp-image-169\" srcset=\"https:\/\/lesitedutrombone.fr\/trombonefamily\/wp-content\/uploads\/2024\/04\/10431159_662882967119827_8508385706223333034_o-1024x579.jpg 1024w, https:\/\/lesitedutrombone.fr\/trombonefamily\/wp-content\/uploads\/2024\/04\/10431159_662882967119827_8508385706223333034_o-300x170.jpg 300w, https:\/\/lesitedutrombone.fr\/trombonefamily\/wp-content\/uploads\/2024\/04\/10431159_662882967119827_8508385706223333034_o-768x435.jpg 768w, https:\/\/lesitedutrombone.fr\/trombonefamily\/wp-content\/uploads\/2024\/04\/10431159_662882967119827_8508385706223333034_o.jpg 1154w\" sizes=\"auto, (max-width: 1024px) 100vw, 1024px\" \/><\/figure>\n\n\n\n<p><strong>L&rsquo;Association des trombonistes du Bas-Rhin<\/strong><br>Depuis 2011, l&rsquo;Association des Trombonistes du Bas-Rhin (ATBR) r\u00e9alise des \u00e9v\u00e8nements musicaux afin de f\u00e9d\u00e9rer les musiciens du d\u00e9partement.<br>Ce projet permet la cr\u00e9ation de conte musicaux, festivals, et rencontres festives sur le territoire.<br>Cette association rassemble amateurs et professionnels de tous les ages, que ce soit des jeunes d&rsquo;\u00e9coles de musique, des musiciens d&rsquo;harmonies, des professeurs, des musiciens d&rsquo;orchestre, ou des solistes.<br>Le Festival Europ\u00e9en du Trombone, le festival du FIMU, et Trombone Family sont un exemple des grands projets organis\u00e9s par l&rsquo;ATBR permettant aussi d&rsquo;inviter des solistes de renomm\u00e9e internationnale tels que Michel Becquet, Gilles Milli\u00e8re, Fabrice Millischer, Ian Bousfield, etc.<\/p>\n\n\n\n<figure class=\"wp-block-image size-large\"><img loading=\"lazy\" decoding=\"async\" width=\"1024\" height=\"277\" src=\"http:\/\/lesitedutrombone.fr\/trombonefamily\/wp-content\/uploads\/2023\/10\/banniere-1-1024x277.jpg\" alt=\"\" class=\"wp-image-49\" srcset=\"https:\/\/lesitedutrombone.fr\/trombonefamily\/wp-content\/uploads\/2023\/10\/banniere-1-1024x277.jpg 1024w, https:\/\/lesitedutrombone.fr\/trombonefamily\/wp-content\/uploads\/2023\/10\/banniere-1-300x81.jpg 300w, https:\/\/lesitedutrombone.fr\/trombonefamily\/wp-content\/uploads\/2023\/10\/banniere-1-768x208.jpg 768w, https:\/\/lesitedutrombone.fr\/trombonefamily\/wp-content\/uploads\/2023\/10\/banniere-1-1536x416.jpg 1536w, https:\/\/lesitedutrombone.fr\/trombonefamily\/wp-content\/uploads\/2023\/10\/banniere-1-2048x555.jpg 2048w\" sizes=\"auto, (max-width: 1024px) 100vw, 1024px\" \/><\/figure>\n","protected":false},"excerpt":{"rendered":"<p>LUNDI 20 mai 2024 14h-15h15, auditorium Programme \u00ab\u00a0L\u2019armoire magique\u00a0\u00bb est un conte musical tout public.Avec plus de 60 trombones sur sc\u00e8nes venant des \u00e9coles de musiques et harmonies de la r\u00e9gion, c&rsquo;est une premi\u00e8re mondiale cr\u00e9\u00e9e par l&rsquo;Association des trombonistes du Bas-Rhin. Artistes Remi Studer, compositeurMusicien aux multiples facettes, R\u00e9mi Studer s&rsquo;est d&rsquo;abord form\u00e9 en [&hellip;]<\/p>\n","protected":false},"author":1,"featured_media":0,"parent":0,"menu_order":0,"comment_status":"closed","ping_status":"closed","template":"","meta":{"footnotes":""},"class_list":["post-168","page","type-page","status-publish","hentry"],"_links":{"self":[{"href":"https:\/\/lesitedutrombone.fr\/trombonefamily\/wp-json\/wp\/v2\/pages\/168","targetHints":{"allow":["GET"]}}],"collection":[{"href":"https:\/\/lesitedutrombone.fr\/trombonefamily\/wp-json\/wp\/v2\/pages"}],"about":[{"href":"https:\/\/lesitedutrombone.fr\/trombonefamily\/wp-json\/wp\/v2\/types\/page"}],"author":[{"embeddable":true,"href":"https:\/\/lesitedutrombone.fr\/trombonefamily\/wp-json\/wp\/v2\/users\/1"}],"replies":[{"embeddable":true,"href":"https:\/\/lesitedutrombone.fr\/trombonefamily\/wp-json\/wp\/v2\/comments?post=168"}],"version-history":[{"count":4,"href":"https:\/\/lesitedutrombone.fr\/trombonefamily\/wp-json\/wp\/v2\/pages\/168\/revisions"}],"predecessor-version":[{"id":259,"href":"https:\/\/lesitedutrombone.fr\/trombonefamily\/wp-json\/wp\/v2\/pages\/168\/revisions\/259"}],"wp:attachment":[{"href":"https:\/\/lesitedutrombone.fr\/trombonefamily\/wp-json\/wp\/v2\/media?parent=168"}],"curies":[{"name":"wp","href":"https:\/\/api.w.org\/{rel}","templated":true}]}}